{"id":11138,"date":"2024-04-25T16:32:31","date_gmt":"2024-04-25T14:32:31","guid":{"rendered":"https:\/\/rosasinmobiliarias.com\/entdecken-sie-die-schoenheit-von-roses-und-seiner-umgebung\/"},"modified":"2024-05-27T14:48:47","modified_gmt":"2024-05-27T12:48:47","slug":"entdecken-sie-die-schoenheit-von-roses-und-seiner-umgebung","status":"publish","type":"page","link":"https:\/\/rosasinmobiliarias.com\/de\/entdecken-sie-die-schoenheit-von-roses-und-seiner-umgebung\/","title":{"rendered":"Entdecken Sie die Sch\u00f6nheit von Roses und seiner Umgebung"},"content":{"rendered":"\t\t<div data-elementor-type=\"wp-page\" data-elementor-id=\"11138\" class=\"elementor elementor-11138 elementor-5795\" data-elementor-post-type=\"page\">\n\t\t\t\t<div class=\"elementor-element elementor-element-8afc189 e-flex e-con-boxed e-con e-parent\" data-id=\"8afc189\" data-element_type=\"container\" data-e-type=\"container\" data-settings=\"{&quot;background_background&quot;:&quot;classic&quot;}\">\n\t\t\t\t\t<div class=\"e-con-inner\">\n\t\t<div class=\"elementor-element elementor-element-603346a e-con-full e-flex e-con e-child\" data-id=\"603346a\" data-element_type=\"container\" data-e-type=\"container\">\n\t\t\t\t<div class=\"elementor-element elementor-element-f6663b9 elementor-widget elementor-widget-heading\" data-id=\"f6663b9\" data-element_type=\"widget\" data-e-type=\"widget\" data-widget_type=\"heading.default\">\n\t\t\t\t<div class=\"elementor-widget-container\">\n\t\t\t\t\t<h2 class=\"elementor-heading-title elementor-size-default\">Roses, Costa Brava, Spanien<\/h2>\t\t\t\t<\/div>\n\t\t\t\t<\/div>\n\t\t\t\t<div class=\"elementor-element elementor-element-1a225e9 elementor-widget elementor-widget-text-editor\" data-id=\"1a225e9\" data-element_type=\"widget\" data-e-type=\"widget\" data-widget_type=\"text-editor.default\">\n\t\t\t\t<div class=\"elementor-widget-container\">\n\t\t\t\t\t\t\t\t\t<p>Willkommen in <strong>Roses<\/strong>, einem idyllischen Fleckchen an der K\u00fcste von Girona, der durch seinen mediterranen Charme und beeindruckende Landschaften besticht. Diese katalanische Stadt an der Costa Brava ist bekannt f\u00fcr ihre Str\u00e4nde mit kristallklarem Wasser, darunter Canyelles Petites, L&#8217;Almadrava, Cap Norfeu, Punta Falconera, J\u00f3ncols und Montjoi, ihre k\u00f6stliche Gastronomie und ihre reiche Geschichte.<\/p>\n<p>Roses bietet eine gro\u00dfe Auswahl an <strong><a href=\"https:\/\/rosasinmobiliarias.com\/de\/ferienwohnungen-an-der-costa-brava\/\">Unterk\u00fcnften<\/a><\/strong> f\u00fcr diejenigen, die in das lokale Erlebnis eintauchen m\u00f6chten. Von Apartments am Meer bis hin zu Villen mit Panoramablick \u2013 in diesem wundersch\u00f6nen K\u00fcstenresort ist f\u00fcr jeden etwas dabei.<\/p>\n<p>Roses ist der perfekte Ort zum Entspannen und Genie\u00dfen des <strong>mediterranen Lebensstils<\/strong>.<\/p>\n\t\t\t\t\t\t\t\t<\/div>\n\t\t\t\t<\/div>\n\t\t\t\t<\/div>\n\t\t<div class=\"elementor-element elementor-element-85c60ad e-con-full e-flex e-con e-child\" data-id=\"85c60ad\" data-element_type=\"container\" data-e-type=\"container\">\n\t\t\t\t<div class=\"elementor-element elementor-element-b5fb22a elementor-widget elementor-widget-shortcode\" data-id=\"b5fb22a\" data-element_type=\"widget\" data-e-type=\"widget\" data-widget_type=\"shortcode.default\">\n\t\t\t\t<div class=\"elementor-widget-container\">\n\t\t\t\t\t\t\t<div class=\"elementor-shortcode\"><iframe width=\"100%\" height=\"480\" src=\"https:\/\/my.matterport.com\/show\/?m=9S9mhCKjG7k\" frameborder=\"0\" allowfullscreen=\"\" allow=\"xr-spatial-tracking\"><\/iframe><\/div>\n\t\t\t\t\t\t<\/div>\n\t\t\t\t<\/div>\n\t\t\t\t<\/div>\n\t\t\t\t\t<\/div>\n\t\t\t\t<\/div>\n\t\t<div class=\"elementor-element elementor-element-b27dfb0 e-flex e-con-boxed e-con e-parent\" data-id=\"b27dfb0\" data-element_type=\"container\" data-e-type=\"container\">\n\t\t\t\t\t<div class=\"e-con-inner\">\n\t\t<div class=\"elementor-element elementor-element-203af1d e-con-full e-flex e-con e-child\" data-id=\"203af1d\" data-element_type=\"container\" data-e-type=\"container\">\n\t\t\t\t<div class=\"elementor-element elementor-element-d5b64bf elementor-widget elementor-widget-heading\" data-id=\"d5b64bf\" data-element_type=\"widget\" data-e-type=\"widget\" data-widget_type=\"heading.default\">\n\t\t\t\t<div class=\"elementor-widget-container\">\n\t\t\t\t\t<h2 class=\"elementor-heading-title elementor-size-default\">Castell\u00f3 de Emp\u00faries<\/h2>\t\t\t\t<\/div>\n\t\t\t\t<\/div>\n\t\t\t\t<div class=\"elementor-element elementor-element-3f6bc39 elementor-widget elementor-widget-text-editor\" data-id=\"3f6bc39\" data-element_type=\"widget\" data-e-type=\"widget\" data-widget_type=\"text-editor.default\">\n\t\t\t\t<div class=\"elementor-widget-container\">\n\t\t\t\t\t\t\t\t\t<p>Castell\u00f3 d&#8217;Emp\u00faries (a 10.4km), es un pueblo medieval con un encanto \u00fanico y una historia fascinante. En 1079 se convirti\u00f3 en capital del condado de Emp\u00faries, debido a que la antigua capital era f\u00e1cilmente saqueada por piratas. Los lugares de inter\u00e9s incluyen la bas\u00edlica de Santa Mar\u00eda y su festival medieval Terra de Trobadors (en septiembre). Sin dejar de visitar la zona costera de <strong>Empuriabrava<\/strong>, la marina m\u00e1s grande de Europa, llamada la venecia catalana.<\/p>\n\t\t\t\t\t\t\t\t<\/div>\n\t\t\t\t<\/div>\n\t\t\t\t<\/div>\n\t\t<div class=\"elementor-element elementor-element-313033b e-con-full e-flex e-con e-child\" data-id=\"313033b\" data-element_type=\"container\" data-e-type=\"container\">\n\t\t\t\t<div class=\"elementor-element elementor-element-97aa1f0 elementor-widget elementor-widget-image\" data-id=\"97aa1f0\" data-element_type=\"widget\" data-e-type=\"widget\" data-widget_type=\"image.default\">\n\t\t\t\t<div class=\"elementor-widget-container\">\n\t\t\t\t\t\t\t\t\t\t\t\t\t\t\t<img fetchpriority=\"high\" decoding=\"async\" width=\"600\" height=\"450\" src=\"https:\/\/rosasinmobiliarias.com\/wp-content\/uploads\/2024\/04\/castello-2.jpg\" class=\"attachment-large size-large wp-image-5920\" alt=\"Castell\u00f3 d&#039;Emp\u00faries\" \/>\t\t\t\t\t\t\t\t\t\t\t\t\t\t\t<\/div>\n\t\t\t\t<\/div>\n\t\t\t\t<\/div>\n\t\t\t\t\t<\/div>\n\t\t\t\t<\/div>\n\t\t<div class=\"elementor-element elementor-element-70d1a42 e-flex e-con-boxed e-con e-parent\" data-id=\"70d1a42\" data-element_type=\"container\" data-e-type=\"container\">\n\t\t\t\t\t<div class=\"e-con-inner\">\n\t\t<div class=\"elementor-element elementor-element-f66c474 e-con-full e-flex e-con e-child\" data-id=\"f66c474\" data-element_type=\"container\" data-e-type=\"container\">\n\t\t\t\t<div class=\"elementor-element elementor-element-791a37f elementor-widget elementor-widget-heading\" data-id=\"791a37f\" data-element_type=\"widget\" data-e-type=\"widget\" data-widget_type=\"heading.default\">\n\t\t\t\t<div class=\"elementor-widget-container\">\n\t\t\t\t\t<h3 class=\"elementor-heading-title elementor-size-default\">Cadaqu\u00e9s<\/h3>\t\t\t\t<\/div>\n\t\t\t\t<\/div>\n\t\t\t\t<div class=\"elementor-element elementor-element-09e8850 elementor-widget elementor-widget-text-editor\" data-id=\"09e8850\" data-element_type=\"widget\" data-e-type=\"widget\" data-widget_type=\"text-editor.default\">\n\t\t\t\t<div class=\"elementor-widget-container\">\n\t\t\t\t\t\t\t\t\t<p>Descubre el encanto bohemio de <strong>Cadaqu\u00e9s<\/strong> (a 16,7km), un pueblo pesquero pintoresco que ha cautivado a artistas y escritores durante siglos. El casco antiguo lo forma un conjunto hist\u00f3rico, con calles empinadas y casas blancas adornadas con flores es un claro ejemplo de arquitectura popular mediterr\u00e1nea. Cadaqu\u00e9s es el lugar ideal para perderse y dejarse llevar por la creatividad. Los principales atractivos son la Casa-Salvador Dal\u00ed, la iglesia de Santa Mar\u00eda, y el Parque Natural de Cap de Creus entre otros.<\/p>\n\t\t\t\t\t\t\t\t<\/div>\n\t\t\t\t<\/div>\n\t\t\t\t<\/div>\n\t\t<div class=\"elementor-element elementor-element-bf585d9 e-con-full e-flex e-con e-child\" data-id=\"bf585d9\" data-element_type=\"container\" data-e-type=\"container\">\n\t\t\t\t<div class=\"elementor-element elementor-element-a509542 elementor-widget elementor-widget-image\" data-id=\"a509542\" data-element_type=\"widget\" data-e-type=\"widget\" data-widget_type=\"image.default\">\n\t\t\t\t<div class=\"elementor-widget-container\">\n\t\t\t\t\t\t\t\t\t\t\t\t\t\t\t<img decoding=\"async\" width=\"960\" height=\"720\" src=\"https:\/\/rosasinmobiliarias.com\/wp-content\/uploads\/2024\/04\/cadaques-2.jpg\" class=\"attachment-large size-large wp-image-5944\" alt=\"Cadaqu\u00e9s\" srcset=\"https:\/\/rosasinmobiliarias.com\/wp-content\/uploads\/2024\/04\/cadaques-2.jpg 960w, https:\/\/rosasinmobiliarias.com\/wp-content\/uploads\/2024\/04\/cadaques-2-768x576.jpg 768w\" sizes=\"(max-width: 960px) 100vw, 960px\" \/>\t\t\t\t\t\t\t\t\t\t\t\t\t\t\t<\/div>\n\t\t\t\t<\/div>\n\t\t\t\t<\/div>\n\t\t\t\t\t<\/div>\n\t\t\t\t<\/div>\n\t\t<div class=\"elementor-element elementor-element-d56dfc8 e-flex e-con-boxed e-con e-parent\" data-id=\"d56dfc8\" data-element_type=\"container\" data-e-type=\"container\">\n\t\t\t\t\t<div class=\"e-con-inner\">\n\t\t<div class=\"elementor-element elementor-element-c48ffaa e-con-full e-flex e-con e-child\" data-id=\"c48ffaa\" data-element_type=\"container\" data-e-type=\"container\">\n\t\t\t\t<div class=\"elementor-element elementor-element-27e6f86 elementor-widget elementor-widget-heading\" data-id=\"27e6f86\" data-element_type=\"widget\" data-e-type=\"widget\" data-widget_type=\"heading.default\">\n\t\t\t\t<div class=\"elementor-widget-container\">\n\t\t\t\t\t<h3 class=\"elementor-heading-title elementor-size-default\">Llan\u00e7\u00e0<\/h3>\t\t\t\t<\/div>\n\t\t\t\t<\/div>\n\t\t\t\t<div class=\"elementor-element elementor-element-ff41ca3 elementor-widget elementor-widget-text-editor\" data-id=\"ff41ca3\" data-element_type=\"widget\" data-e-type=\"widget\" data-widget_type=\"text-editor.default\">\n\t\t\t\t<div class=\"elementor-widget-container\">\n\t\t\t\t\t\t\t\t\t<p>El municipio de <strong>Llan\u00e7\u00e0<\/strong> (a 20,6km), situado en el Cap de Creus, con sus impresionantes acantilados, calas escondidas y rutas de senderismo, es un para\u00edso para los amantes de la naturaleza y la aventura. Llan\u00e7\u00e0 est\u00e1 formado por dos n\u00facleos: la villa y el puerto. En la Villa, destacamos la iglesia parroquial de Sant Vicen\u00e7, con portalada neocl\u00e1sica del s. XVIII, y en la villa el Museo de la Acuarela, cuenta con un importante fondo con diversas obras de Mart\u00ednez Lozano y de otros artistas.<\/p>\n\t\t\t\t\t\t\t\t<\/div>\n\t\t\t\t<\/div>\n\t\t\t\t<\/div>\n\t\t<div class=\"elementor-element elementor-element-846d66b e-con-full e-flex e-con e-child\" data-id=\"846d66b\" data-element_type=\"container\" data-e-type=\"container\">\n\t\t\t\t<div class=\"elementor-element elementor-element-be39f18 elementor-widget elementor-widget-image\" data-id=\"be39f18\" data-element_type=\"widget\" data-e-type=\"widget\" data-widget_type=\"image.default\">\n\t\t\t\t<div class=\"elementor-widget-container\">\n\t\t\t\t\t\t\t\t\t\t\t\t\t\t\t<img decoding=\"async\" width=\"960\" height=\"720\" src=\"https:\/\/rosasinmobiliarias.com\/wp-content\/uploads\/2024\/04\/llanca-6.jpg\" class=\"attachment-large size-large wp-image-5960\" alt=\"Playa de Llan\u00e7\u00e0\" srcset=\"https:\/\/rosasinmobiliarias.com\/wp-content\/uploads\/2024\/04\/llanca-6.jpg 960w, https:\/\/rosasinmobiliarias.com\/wp-content\/uploads\/2024\/04\/llanca-6-768x576.jpg 768w\" sizes=\"(max-width: 960px) 100vw, 960px\" \/>\t\t\t\t\t\t\t\t\t\t\t\t\t\t\t<\/div>\n\t\t\t\t<\/div>\n\t\t\t\t<\/div>\n\t\t\t\t\t<\/div>\n\t\t\t\t<\/div>\n\t\t<div class=\"elementor-element elementor-element-29950ef e-flex e-con-boxed e-con e-parent\" data-id=\"29950ef\" data-element_type=\"container\" data-e-type=\"container\">\n\t\t\t\t\t<div class=\"e-con-inner\">\n\t\t<div class=\"elementor-element elementor-element-282b192 e-con-full e-flex e-con e-child\" data-id=\"282b192\" data-element_type=\"container\" data-e-type=\"container\">\n\t\t\t\t<div class=\"elementor-element elementor-element-e533b3c elementor-widget elementor-widget-heading\" data-id=\"e533b3c\" data-element_type=\"widget\" data-e-type=\"widget\" data-widget_type=\"heading.default\">\n\t\t\t\t<div class=\"elementor-widget-container\">\n\t\t\t\t\t<h3 class=\"elementor-heading-title elementor-size-default\">Figueres<\/h3>\t\t\t\t<\/div>\n\t\t\t\t<\/div>\n\t\t\t\t<div class=\"elementor-element elementor-element-f0d6a07 elementor-widget elementor-widget-text-editor\" data-id=\"f0d6a07\" data-element_type=\"widget\" data-e-type=\"widget\" data-widget_type=\"text-editor.default\">\n\t\t\t\t<div class=\"elementor-widget-container\">\n\t\t\t\t\t\t\t\t\t<p>Figueres (a 21,8km) es la capital de la comarca del Alt Empord\u00e0 en la provincia de Girona. Sum\u00e9rgete en el mundo surrealista de Salvador Dal\u00ed en <strong>Figueres<\/strong> , su ciudad natal. Visita el impresionante Teatro-Museo Dal\u00ed y explora las obras maestras del genio del surrealismo. Adem\u00e1s, no te pierdas el encanto del casco antiguo de Figueres, con sus plazas pintorescas y sus caf\u00e9s acogedores. Tambi\u00e9n destacamos en Castillo de Sant Ferran, fortaleza militar de grandes dimensiones construida en el siglo XVIII.<\/p>\n\t\t\t\t\t\t\t\t<\/div>\n\t\t\t\t<\/div>\n\t\t\t\t<\/div>\n\t\t<div class=\"elementor-element elementor-element-587bda9 e-con-full e-flex e-con e-child\" data-id=\"587bda9\" data-element_type=\"container\" data-e-type=\"container\">\n\t\t\t\t<div class=\"elementor-element elementor-element-b509523 elementor-widget elementor-widget-image\" data-id=\"b509523\" data-element_type=\"widget\" data-e-type=\"widget\" data-widget_type=\"image.default\">\n\t\t\t\t<div class=\"elementor-widget-container\">\n\t\t\t\t\t\t\t\t\t\t\t\t\t\t\t<img loading=\"lazy\" decoding=\"async\" width=\"960\" height=\"720\" src=\"https:\/\/rosasinmobiliarias.com\/wp-content\/uploads\/2024\/04\/figueres-2.jpg\" class=\"attachment-large size-large wp-image-5980\" alt=\"Figueres\" srcset=\"https:\/\/rosasinmobiliarias.com\/wp-content\/uploads\/2024\/04\/figueres-2.jpg 960w, https:\/\/rosasinmobiliarias.com\/wp-content\/uploads\/2024\/04\/figueres-2-768x576.jpg 768w\" sizes=\"(max-width: 960px) 100vw, 960px\" \/>\t\t\t\t\t\t\t\t\t\t\t\t\t\t\t<\/div>\n\t\t\t\t<\/div>\n\t\t\t\t<\/div>\n\t\t\t\t\t<\/div>\n\t\t\t\t<\/div>\n\t\t<div class=\"elementor-element elementor-element-9b29ff1 e-flex e-con-boxed e-con e-parent\" data-id=\"9b29ff1\" data-element_type=\"container\" data-e-type=\"container\">\n\t\t\t\t\t<div class=\"e-con-inner\">\n\t\t<div class=\"elementor-element elementor-element-a588566 e-con-full e-flex e-con e-child\" data-id=\"a588566\" data-element_type=\"container\" data-e-type=\"container\">\n\t\t\t\t<div class=\"elementor-element elementor-element-8aca1f6 elementor-widget elementor-widget-heading\" data-id=\"8aca1f6\" data-element_type=\"widget\" data-e-type=\"widget\" data-widget_type=\"heading.default\">\n\t\t\t\t<div class=\"elementor-widget-container\">\n\t\t\t\t\t<h3 class=\"elementor-heading-title elementor-size-default\">Girona<\/h3>\t\t\t\t<\/div>\n\t\t\t\t<\/div>\n\t\t\t\t<div class=\"elementor-element elementor-element-35350a3 elementor-widget elementor-widget-text-editor\" data-id=\"35350a3\" data-element_type=\"widget\" data-e-type=\"widget\" data-widget_type=\"text-editor.default\">\n\t\t\t\t<div class=\"elementor-widget-container\">\n\t\t\t\t\t\t\t\t\tGirona (a 61,3km) es la capital de la provincia de Girona. Su casco hist\u00f3rico o Barri Vell de es uno de los m\u00e1s evocadores de Catalu\u00f1a. La Catedral de Santa Mar\u00eda es el icono m\u00e1s visible de Girona, sin duda el legado hist\u00f3rico m\u00e1s grandioso de la ciudad y por algo es Monumento Hist\u00f3rico Art\u00edstico Nacional. \nHay que destacar el Barrio Jud\u00edo de Girona (Call Jueu de Girona), es el mejor conservado de Espa\u00f1a.\n\nEn el a\u00f1o 2015 se sum\u00f3 a otras ciudades europeas para ser escenario de la exitosa serie de &#8222;Juego de Tronos&#8220;.\t\t\t\t\t\t\t\t<\/div>\n\t\t\t\t<\/div>\n\t\t\t\t<\/div>\n\t\t<div class=\"elementor-element elementor-element-7c227d8 e-con-full e-flex e-con e-child\" data-id=\"7c227d8\" data-element_type=\"container\" data-e-type=\"container\">\n\t\t\t\t<div class=\"elementor-element elementor-element-347736f elementor-widget elementor-widget-image\" data-id=\"347736f\" data-element_type=\"widget\" data-e-type=\"widget\" data-widget_type=\"image.default\">\n\t\t\t\t<div class=\"elementor-widget-container\">\n\t\t\t\t\t\t\t\t\t\t\t\t\t\t\t<img loading=\"lazy\" decoding=\"async\" width=\"960\" height=\"720\" src=\"https:\/\/rosasinmobiliarias.com\/wp-content\/uploads\/2024\/04\/Girona-1.jpg\" class=\"attachment-large size-large wp-image-5986\" alt=\"Girona\" srcset=\"https:\/\/rosasinmobiliarias.com\/wp-content\/uploads\/2024\/04\/Girona-1.jpg 960w, https:\/\/rosasinmobiliarias.com\/wp-content\/uploads\/2024\/04\/Girona-1-768x576.jpg 768w\" sizes=\"(max-width: 960px) 100vw, 960px\" \/>\t\t\t\t\t\t\t\t\t\t\t\t\t\t\t<\/div>\n\t\t\t\t<\/div>\n\t\t\t\t<\/div>\n\t\t\t\t\t<\/div>\n\t\t\t\t<\/div>\n\t\t\t\t<\/div>\n\t\t","protected":false},"excerpt":{"rendered":"<p>Roses, Costa Brava, Spanien Willkommen in Roses, einem idyllischen Fleckchen an der K\u00fcste von Girona, der durch seinen mediterranen Charme [&hellip;]<\/p>\n","protected":false},"author":1,"featured_media":0,"parent":0,"menu_order":0,"comment_status":"closed","ping_status":"closed","template":"","meta":{"site-sidebar-layout":"default","site-content-layout":"","ast-site-content-layout":"full-width-container","site-content-style":"default","site-sidebar-style":"default","ast-global-header-display":"","ast-banner-title-visibility":"","ast-main-header-display":"","ast-hfb-above-header-display":"","ast-hfb-below-header-display":"","ast-hfb-mobile-header-display":"","site-post-title":"","ast-breadcrumbs-content":"","ast-featured-img":"disabled","footer-sml-layout":"","ast-disable-related-posts":"","theme-transparent-header-meta":"","adv-header-id-meta":"4568","stick-header-meta":"","header-above-stick-meta":"","header-main-stick-meta":"","header-below-stick-meta":"","astra-migrate-meta-layouts":"default","ast-page-background-enabled":"default","ast-page-background-meta":{"desktop":{"background-color":"var(--ast-global-color-4)","background-image":"","background-repeat":"repeat","background-position":"center center","background-size":"auto","background-attachment":"scroll","background-type":"","background-media":"","overlay-type":"","overlay-color":"","overlay-opacity":"","overlay-gradient":""},"tablet":{"background-color":"","background-image":"","background-repeat":"repeat","background-position":"center center","background-size":"auto","background-attachment":"scroll","background-type":"","background-media":"","overlay-type":"","overlay-color":"","overlay-opacity":"","overlay-gradient":""},"mobile":{"background-color":"","background-image":"","background-repeat":"repeat","background-position":"center center","background-size":"auto","background-attachment":"scroll","background-type":"","background-media":"","overlay-type":"","overlay-color":"","overlay-opacity":"","overlay-gradient":""}},"ast-content-background-meta":{"desktop":{"background-color":"var(--ast-global-color-5)","background-image":"","background-repeat":"repeat","background-position":"center center","background-size":"auto","background-attachment":"scroll","background-type":"","background-media":"","overlay-type":"","overlay-color":"","overlay-opacity":"","overlay-gradient":""},"tablet":{"background-color":"var(--ast-global-color-5)","background-image":"","background-repeat":"repeat","background-position":"center center","background-size":"auto","background-attachment":"scroll","background-type":"","background-media":"","overlay-type":"","overlay-color":"","overlay-opacity":"","overlay-gradient":""},"mobile":{"background-color":"var(--ast-global-color-5)","background-image":"","background-repeat":"repeat","background-position":"center center","background-size":"auto","background-attachment":"scroll","background-type":"","background-media":"","overlay-type":"","overlay-color":"","overlay-opacity":"","overlay-gradient":""}},"footnotes":""},"class_list":["post-11138","page","type-page","status-publish","hentry"],"yoast_head":"<!-- This site is optimized with the Yoast SEO plugin v27.4 - https:\/\/yoast.com\/product\/yoast-seo-wordpress\/ -->\n<title>Entdecken Sie die Sch\u00f6nheit von Roses und seiner Umgebung - Rosas Inmobiliarias - Venta y alquiler de apartamentos y casas en Roses, Girona<\/title>\n<meta name=\"description\" content=\"Willkommen in Roses, einem idyllischen Winkel an der K\u00fcste von Girona, der durch seinen mediterranen Charme und seine Landschaften besticht.\" \/>\n<meta name=\"robots\" content=\"index, follow, max-snippet:-1, max-image-preview:large, max-video-preview:-1\" \/>\n<link rel=\"canonical\" href=\"https:\/\/rosasinmobiliarias.com\/de\/entdecken-sie-die-schoenheit-von-roses-und-seiner-umgebung\/\" \/>\n<meta property=\"og:locale\" content=\"de_DE\" \/>\n<meta property=\"og:type\" content=\"article\" \/>\n<meta property=\"og:title\" content=\"Entdecken Sie die Sch\u00f6nheit von Roses und seiner Umgebung - Rosas Inmobiliarias - Venta y alquiler de apartamentos y casas en Roses, Girona\" \/>\n<meta property=\"og:description\" content=\"Willkommen in Roses, einem idyllischen Winkel an der K\u00fcste von Girona, der durch seinen mediterranen Charme und seine Landschaften besticht.\" \/>\n<meta property=\"og:url\" content=\"https:\/\/rosasinmobiliarias.com\/de\/entdecken-sie-die-schoenheit-von-roses-und-seiner-umgebung\/\" \/>\n<meta property=\"og:site_name\" content=\"Rosas Inmobiliarias - Venta y alquiler de apartamentos y casas en Roses, Girona\" \/>\n<meta property=\"article:modified_time\" content=\"2024-05-27T12:48:47+00:00\" \/>\n<meta property=\"og:image\" content=\"https:\/\/rosasinmobiliarias.com\/wp-content\/uploads\/2024\/04\/castello-2.jpg\" \/>\n<meta name=\"twitter:card\" content=\"summary_large_image\" \/>\n<meta name=\"twitter:label1\" content=\"Gesch\u00e4tzte Lesezeit\" \/>\n\t<meta name=\"twitter:data1\" content=\"3\u00a0Minuten\" \/>\n<script type=\"application\/ld+json\" class=\"yoast-schema-graph\">{\"@context\":\"https:\\\/\\\/schema.org\",\"@graph\":[{\"@type\":\"WebPage\",\"@id\":\"https:\\\/\\\/rosasinmobiliarias.com\\\/de\\\/entdecken-sie-die-schoenheit-von-roses-und-seiner-umgebung\\\/\",\"url\":\"https:\\\/\\\/rosasinmobiliarias.com\\\/de\\\/entdecken-sie-die-schoenheit-von-roses-und-seiner-umgebung\\\/\",\"name\":\"Entdecken Sie die Sch\u00f6nheit von Roses und seiner Umgebung - Rosas Inmobiliarias - Venta y alquiler de apartamentos y casas en Roses, Girona\",\"isPartOf\":{\"@id\":\"https:\\\/\\\/rosasinmobiliarias.com\\\/de\\\/#website\"},\"primaryImageOfPage\":{\"@id\":\"https:\\\/\\\/rosasinmobiliarias.com\\\/de\\\/entdecken-sie-die-schoenheit-von-roses-und-seiner-umgebung\\\/#primaryimage\"},\"image\":{\"@id\":\"https:\\\/\\\/rosasinmobiliarias.com\\\/de\\\/entdecken-sie-die-schoenheit-von-roses-und-seiner-umgebung\\\/#primaryimage\"},\"thumbnailUrl\":\"https:\\\/\\\/rosasinmobiliarias.com\\\/wp-content\\\/uploads\\\/2024\\\/04\\\/castello-2.jpg\",\"datePublished\":\"2024-04-25T14:32:31+00:00\",\"dateModified\":\"2024-05-27T12:48:47+00:00\",\"description\":\"Willkommen in Roses, einem idyllischen Winkel an der K\u00fcste von Girona, der durch seinen mediterranen Charme und seine Landschaften besticht.\",\"breadcrumb\":{\"@id\":\"https:\\\/\\\/rosasinmobiliarias.com\\\/de\\\/entdecken-sie-die-schoenheit-von-roses-und-seiner-umgebung\\\/#breadcrumb\"},\"inLanguage\":\"de\",\"potentialAction\":[{\"@type\":\"ReadAction\",\"target\":[\"https:\\\/\\\/rosasinmobiliarias.com\\\/de\\\/entdecken-sie-die-schoenheit-von-roses-und-seiner-umgebung\\\/\"]}]},{\"@type\":\"ImageObject\",\"inLanguage\":\"de\",\"@id\":\"https:\\\/\\\/rosasinmobiliarias.com\\\/de\\\/entdecken-sie-die-schoenheit-von-roses-und-seiner-umgebung\\\/#primaryimage\",\"url\":\"https:\\\/\\\/rosasinmobiliarias.com\\\/wp-content\\\/uploads\\\/2024\\\/04\\\/castello-2.jpg\",\"contentUrl\":\"https:\\\/\\\/rosasinmobiliarias.com\\\/wp-content\\\/uploads\\\/2024\\\/04\\\/castello-2.jpg\"},{\"@type\":\"BreadcrumbList\",\"@id\":\"https:\\\/\\\/rosasinmobiliarias.com\\\/de\\\/entdecken-sie-die-schoenheit-von-roses-und-seiner-umgebung\\\/#breadcrumb\",\"itemListElement\":[{\"@type\":\"ListItem\",\"position\":1,\"name\":\"Portada\",\"item\":\"https:\\\/\\\/rosasinmobiliarias.com\\\/de\\\/\"},{\"@type\":\"ListItem\",\"position\":2,\"name\":\"Entdecken Sie die Sch\u00f6nheit von Roses und seiner Umgebung\"}]},{\"@type\":\"WebSite\",\"@id\":\"https:\\\/\\\/rosasinmobiliarias.com\\\/de\\\/#website\",\"url\":\"https:\\\/\\\/rosasinmobiliarias.com\\\/de\\\/\",\"name\":\"Rosas Inmobiliarias - Venta y alquiler de apartamentos y casas en Roses, Girona\",\"description\":\"Agencia inmobiliaria especialistas en ventas y alquileres de temporada en Roses, Girona, Costa Brava.\",\"publisher\":{\"@id\":\"https:\\\/\\\/rosasinmobiliarias.com\\\/de\\\/#organization\"},\"potentialAction\":[{\"@type\":\"SearchAction\",\"target\":{\"@type\":\"EntryPoint\",\"urlTemplate\":\"https:\\\/\\\/rosasinmobiliarias.com\\\/de\\\/?s={search_term_string}\"},\"query-input\":{\"@type\":\"PropertyValueSpecification\",\"valueRequired\":true,\"valueName\":\"search_term_string\"}}],\"inLanguage\":\"de\"},{\"@type\":\"Organization\",\"@id\":\"https:\\\/\\\/rosasinmobiliarias.com\\\/de\\\/#organization\",\"name\":\"Inmo Holiday Roses Sl\",\"url\":\"https:\\\/\\\/rosasinmobiliarias.com\\\/de\\\/\",\"logo\":{\"@type\":\"ImageObject\",\"inLanguage\":\"de\",\"@id\":\"https:\\\/\\\/rosasinmobiliarias.com\\\/de\\\/#\\\/schema\\\/logo\\\/image\\\/\",\"url\":\"https:\\\/\\\/rosasinmobiliarias.com\\\/wp-content\\\/uploads\\\/2024\\\/05\\\/logo.png\",\"contentUrl\":\"https:\\\/\\\/rosasinmobiliarias.com\\\/wp-content\\\/uploads\\\/2024\\\/05\\\/logo.png\",\"width\":400,\"height\":101,\"caption\":\"Inmo Holiday Roses Sl\"},\"image\":{\"@id\":\"https:\\\/\\\/rosasinmobiliarias.com\\\/de\\\/#\\\/schema\\\/logo\\\/image\\\/\"}}]}<\/script>\n<!-- \/ Yoast SEO plugin. -->","yoast_head_json":{"title":"Entdecken Sie die Sch\u00f6nheit von Roses und seiner Umgebung - Rosas Inmobiliarias - Venta y alquiler de apartamentos y casas en Roses, Girona","description":"Willkommen in Roses, einem idyllischen Winkel an der K\u00fcste von Girona, der durch seinen mediterranen Charme und seine Landschaften besticht.","robots":{"index":"index","follow":"follow","max-snippet":"max-snippet:-1","max-image-preview":"max-image-preview:large","max-video-preview":"max-video-preview:-1"},"canonical":"https:\/\/rosasinmobiliarias.com\/de\/entdecken-sie-die-schoenheit-von-roses-und-seiner-umgebung\/","og_locale":"de_DE","og_type":"article","og_title":"Entdecken Sie die Sch\u00f6nheit von Roses und seiner Umgebung - Rosas Inmobiliarias - Venta y alquiler de apartamentos y casas en Roses, Girona","og_description":"Willkommen in Roses, einem idyllischen Winkel an der K\u00fcste von Girona, der durch seinen mediterranen Charme und seine Landschaften besticht.","og_url":"https:\/\/rosasinmobiliarias.com\/de\/entdecken-sie-die-schoenheit-von-roses-und-seiner-umgebung\/","og_site_name":"Rosas Inmobiliarias - Venta y alquiler de apartamentos y casas en Roses, Girona","article_modified_time":"2024-05-27T12:48:47+00:00","og_image":[{"url":"https:\/\/rosasinmobiliarias.com\/wp-content\/uploads\/2024\/04\/castello-2.jpg","type":"","width":"","height":""}],"twitter_card":"summary_large_image","twitter_misc":{"Gesch\u00e4tzte Lesezeit":"3\u00a0Minuten"},"schema":{"@context":"https:\/\/schema.org","@graph":[{"@type":"WebPage","@id":"https:\/\/rosasinmobiliarias.com\/de\/entdecken-sie-die-schoenheit-von-roses-und-seiner-umgebung\/","url":"https:\/\/rosasinmobiliarias.com\/de\/entdecken-sie-die-schoenheit-von-roses-und-seiner-umgebung\/","name":"Entdecken Sie die Sch\u00f6nheit von Roses und seiner Umgebung - Rosas Inmobiliarias - Venta y alquiler de apartamentos y casas en Roses, Girona","isPartOf":{"@id":"https:\/\/rosasinmobiliarias.com\/de\/#website"},"primaryImageOfPage":{"@id":"https:\/\/rosasinmobiliarias.com\/de\/entdecken-sie-die-schoenheit-von-roses-und-seiner-umgebung\/#primaryimage"},"image":{"@id":"https:\/\/rosasinmobiliarias.com\/de\/entdecken-sie-die-schoenheit-von-roses-und-seiner-umgebung\/#primaryimage"},"thumbnailUrl":"https:\/\/rosasinmobiliarias.com\/wp-content\/uploads\/2024\/04\/castello-2.jpg","datePublished":"2024-04-25T14:32:31+00:00","dateModified":"2024-05-27T12:48:47+00:00","description":"Willkommen in Roses, einem idyllischen Winkel an der K\u00fcste von Girona, der durch seinen mediterranen Charme und seine Landschaften besticht.","breadcrumb":{"@id":"https:\/\/rosasinmobiliarias.com\/de\/entdecken-sie-die-schoenheit-von-roses-und-seiner-umgebung\/#breadcrumb"},"inLanguage":"de","potentialAction":[{"@type":"ReadAction","target":["https:\/\/rosasinmobiliarias.com\/de\/entdecken-sie-die-schoenheit-von-roses-und-seiner-umgebung\/"]}]},{"@type":"ImageObject","inLanguage":"de","@id":"https:\/\/rosasinmobiliarias.com\/de\/entdecken-sie-die-schoenheit-von-roses-und-seiner-umgebung\/#primaryimage","url":"https:\/\/rosasinmobiliarias.com\/wp-content\/uploads\/2024\/04\/castello-2.jpg","contentUrl":"https:\/\/rosasinmobiliarias.com\/wp-content\/uploads\/2024\/04\/castello-2.jpg"},{"@type":"BreadcrumbList","@id":"https:\/\/rosasinmobiliarias.com\/de\/entdecken-sie-die-schoenheit-von-roses-und-seiner-umgebung\/#breadcrumb","itemListElement":[{"@type":"ListItem","position":1,"name":"Portada","item":"https:\/\/rosasinmobiliarias.com\/de\/"},{"@type":"ListItem","position":2,"name":"Entdecken Sie die Sch\u00f6nheit von Roses und seiner Umgebung"}]},{"@type":"WebSite","@id":"https:\/\/rosasinmobiliarias.com\/de\/#website","url":"https:\/\/rosasinmobiliarias.com\/de\/","name":"Rosas Inmobiliarias - Venta y alquiler de apartamentos y casas en Roses, Girona","description":"Agencia inmobiliaria especialistas en ventas y alquileres de temporada en Roses, Girona, Costa Brava.","publisher":{"@id":"https:\/\/rosasinmobiliarias.com\/de\/#organization"},"potentialAction":[{"@type":"SearchAction","target":{"@type":"EntryPoint","urlTemplate":"https:\/\/rosasinmobiliarias.com\/de\/?s={search_term_string}"},"query-input":{"@type":"PropertyValueSpecification","valueRequired":true,"valueName":"search_term_string"}}],"inLanguage":"de"},{"@type":"Organization","@id":"https:\/\/rosasinmobiliarias.com\/de\/#organization","name":"Inmo Holiday Roses Sl","url":"https:\/\/rosasinmobiliarias.com\/de\/","logo":{"@type":"ImageObject","inLanguage":"de","@id":"https:\/\/rosasinmobiliarias.com\/de\/#\/schema\/logo\/image\/","url":"https:\/\/rosasinmobiliarias.com\/wp-content\/uploads\/2024\/05\/logo.png","contentUrl":"https:\/\/rosasinmobiliarias.com\/wp-content\/uploads\/2024\/05\/logo.png","width":400,"height":101,"caption":"Inmo Holiday Roses Sl"},"image":{"@id":"https:\/\/rosasinmobiliarias.com\/de\/#\/schema\/logo\/image\/"}}]}},"_links":{"self":[{"href":"https:\/\/rosasinmobiliarias.com\/de\/wp-json\/wp\/v2\/pages\/11138","targetHints":{"allow":["GET"]}}],"collection":[{"href":"https:\/\/rosasinmobiliarias.com\/de\/wp-json\/wp\/v2\/pages"}],"about":[{"href":"https:\/\/rosasinmobiliarias.com\/de\/wp-json\/wp\/v2\/types\/page"}],"author":[{"embeddable":true,"href":"https:\/\/rosasinmobiliarias.com\/de\/wp-json\/wp\/v2\/users\/1"}],"replies":[{"embeddable":true,"href":"https:\/\/rosasinmobiliarias.com\/de\/wp-json\/wp\/v2\/comments?post=11138"}],"version-history":[{"count":0,"href":"https:\/\/rosasinmobiliarias.com\/de\/wp-json\/wp\/v2\/pages\/11138\/revisions"}],"wp:attachment":[{"href":"https:\/\/rosasinmobiliarias.com\/de\/wp-json\/wp\/v2\/media?parent=11138"}],"curies":[{"name":"wp","href":"https:\/\/api.w.org\/{rel}","templated":true}]}}