{"id":10226,"date":"2024-04-25T16:32:31","date_gmt":"2024-04-25T14:32:31","guid":{"rendered":"https:\/\/rosasinmobiliarias.com\/explorez-la-beaute-de-roses-et-de-ses-environs\/"},"modified":"2024-04-29T16:36:01","modified_gmt":"2024-04-29T14:36:01","slug":"explorez-la-beaute-de-roses-et-de-ses-environs","status":"publish","type":"page","link":"https:\/\/rosasinmobiliarias.com\/fr\/explorez-la-beaute-de-roses-et-de-ses-environs\/","title":{"rendered":"Explorez la beaut\u00e9 de Roses et de ses environs"},"content":{"rendered":"\t\t<div data-elementor-type=\"wp-page\" data-elementor-id=\"10226\" class=\"elementor elementor-10226 elementor-5795\" data-elementor-post-type=\"page\">\n\t\t\t\t<div class=\"elementor-element elementor-element-8afc189 e-flex e-con-boxed e-con e-parent\" data-id=\"8afc189\" data-element_type=\"container\" data-e-type=\"container\" data-settings=\"{&quot;background_background&quot;:&quot;classic&quot;}\">\n\t\t\t\t\t<div class=\"e-con-inner\">\n\t\t<div class=\"elementor-element elementor-element-603346a e-con-full e-flex e-con e-child\" data-id=\"603346a\" data-element_type=\"container\" data-e-type=\"container\">\n\t\t\t\t<div class=\"elementor-element elementor-element-f6663b9 elementor-widget elementor-widget-heading\" data-id=\"f6663b9\" data-element_type=\"widget\" data-e-type=\"widget\" data-widget_type=\"heading.default\">\n\t\t\t\t<div class=\"elementor-widget-container\">\n\t\t\t\t\t<h2 class=\"elementor-heading-title elementor-size-default\">Roses: un joyau sur la Costa Brava<\/h2>\t\t\t\t<\/div>\n\t\t\t\t<\/div>\n\t\t\t\t<div class=\"elementor-element elementor-element-1a225e9 elementor-widget elementor-widget-text-editor\" data-id=\"1a225e9\" data-element_type=\"widget\" data-e-type=\"widget\" data-widget_type=\"text-editor.default\">\n\t\t\t\t<div class=\"elementor-widget-container\">\n\t\t\t\t\t\t\t\t\t<p>Bienvenue \u00e0 <strong>Roses<\/strong>, un coin idyllique de la c\u00f4te de G\u00e9rone qui s\u00e9duit par son charme m\u00e9diterran\u00e9en et ses paysages impressionnants. Situ\u00e9 sur la pittoresque Costa Brava, ce joyau catalan est connu pour ses plages aux eaux cristallines, parmi lesquelles se distinguent Canyelles Petites, L&rsquo;Almadrava, Cap Norfeu, Punta Falconera, J\u00f3ncols et Montjoi, sa d\u00e9licieuse cuisine et sa riche histoire.<\/p>\n<p>Roses offre une grande vari\u00e9t\u00e9 d&rsquo;<strong><a href=\"https:\/\/rosasinmobiliarias.com\/fr\/locations-de-vacances-sur-la-costa-brava\/\">h\u00e9bergements<\/a><\/strong> pour ceux qui souhaitent s&rsquo;immerger dans l&rsquo;exp\u00e9rience locale. Des appartements confortables en bord de mer aux villas avec vue panoramique, il existe des options pour tous les go\u00fbts et tous les budgets dans cette magnifique station baln\u00e9aire.<\/p>\n<p>Roses est l&rsquo;endroit id\u00e9al pour se d\u00e9tendre et profiter du <strong>style de vie m\u00e9diterran\u00e9en<\/strong>.<\/p>\n\t\t\t\t\t\t\t\t<\/div>\n\t\t\t\t<\/div>\n\t\t\t\t<\/div>\n\t\t<div class=\"elementor-element elementor-element-85c60ad e-con-full e-flex e-con e-child\" data-id=\"85c60ad\" data-element_type=\"container\" data-e-type=\"container\">\n\t\t\t\t<div class=\"elementor-element elementor-element-b5fb22a elementor-widget elementor-widget-shortcode\" data-id=\"b5fb22a\" data-element_type=\"widget\" data-e-type=\"widget\" data-widget_type=\"shortcode.default\">\n\t\t\t\t<div class=\"elementor-widget-container\">\n\t\t\t\t\t\t\t<div class=\"elementor-shortcode\"><iframe width=\"100%\" height=\"480\" src=\"https:\/\/my.matterport.com\/show\/?m=9S9mhCKjG7k\" frameborder=\"0\" allowfullscreen=\"\" allow=\"xr-spatial-tracking\"><\/iframe><\/div>\n\t\t\t\t\t\t<\/div>\n\t\t\t\t<\/div>\n\t\t\t\t<\/div>\n\t\t\t\t\t<\/div>\n\t\t\t\t<\/div>\n\t\t<div class=\"elementor-element elementor-element-b27dfb0 e-flex e-con-boxed e-con e-parent\" data-id=\"b27dfb0\" data-element_type=\"container\" data-e-type=\"container\">\n\t\t\t\t\t<div class=\"e-con-inner\">\n\t\t<div class=\"elementor-element elementor-element-203af1d e-con-full e-flex e-con e-child\" data-id=\"203af1d\" data-element_type=\"container\" data-e-type=\"container\">\n\t\t\t\t<div class=\"elementor-element elementor-element-d5b64bf elementor-widget elementor-widget-heading\" data-id=\"d5b64bf\" data-element_type=\"widget\" data-e-type=\"widget\" data-widget_type=\"heading.default\">\n\t\t\t\t<div class=\"elementor-widget-container\">\n\t\t\t\t\t<h2 class=\"elementor-heading-title elementor-size-default\">Castell\u00f3 de Emp\u00faries<\/h2>\t\t\t\t<\/div>\n\t\t\t\t<\/div>\n\t\t\t\t<div class=\"elementor-element elementor-element-3f6bc39 elementor-widget elementor-widget-text-editor\" data-id=\"3f6bc39\" data-element_type=\"widget\" data-e-type=\"widget\" data-widget_type=\"text-editor.default\">\n\t\t\t\t<div class=\"elementor-widget-container\">\n\t\t\t\t\t\t\t\t\t<p>Castell\u00f3 d&rsquo;Emp\u00faries (10,4 km), est une ville m\u00e9di\u00e9vale au charme unique et \u00e0 l&rsquo;histoire fascinante. En 1079, elle devint la capitale du comt\u00e9 d&rsquo;Emp\u00faries, car l&rsquo;ancienne capitale \u00e9tait facilement pill\u00e9e par les pirates. Les attractions incluent la basilique Sainte-Marie et son festival m\u00e9di\u00e9val Terra de Trobadors (en septembre). Sans manquer de visiter la zone c\u00f4ti\u00e8re d&rsquo;<strong>Empuriabrava<\/strong>, la plus grande marina d&rsquo;Europe, appel\u00e9e la Venise catalane.<\/p>\n\t\t\t\t\t\t\t\t<\/div>\n\t\t\t\t<\/div>\n\t\t\t\t<\/div>\n\t\t<div class=\"elementor-element elementor-element-313033b e-con-full e-flex e-con e-child\" data-id=\"313033b\" data-element_type=\"container\" data-e-type=\"container\">\n\t\t\t\t<div class=\"elementor-element elementor-element-97aa1f0 elementor-widget elementor-widget-image\" data-id=\"97aa1f0\" data-element_type=\"widget\" data-e-type=\"widget\" data-widget_type=\"image.default\">\n\t\t\t\t<div class=\"elementor-widget-container\">\n\t\t\t\t\t\t\t\t\t\t\t\t\t\t\t<img fetchpriority=\"high\" decoding=\"async\" width=\"600\" height=\"450\" src=\"https:\/\/rosasinmobiliarias.com\/wp-content\/uploads\/2024\/04\/castello-2.jpg\" class=\"attachment-large size-large wp-image-5919\" alt=\"Castell\u00f3 d&#039;Emp\u00faries\" \/>\t\t\t\t\t\t\t\t\t\t\t\t\t\t\t<\/div>\n\t\t\t\t<\/div>\n\t\t\t\t<\/div>\n\t\t\t\t\t<\/div>\n\t\t\t\t<\/div>\n\t\t<div class=\"elementor-element elementor-element-70d1a42 e-flex e-con-boxed e-con e-parent\" data-id=\"70d1a42\" data-element_type=\"container\" data-e-type=\"container\">\n\t\t\t\t\t<div class=\"e-con-inner\">\n\t\t<div class=\"elementor-element elementor-element-f66c474 e-con-full e-flex e-con e-child\" data-id=\"f66c474\" data-element_type=\"container\" data-e-type=\"container\">\n\t\t\t\t<div class=\"elementor-element elementor-element-791a37f elementor-widget elementor-widget-heading\" data-id=\"791a37f\" data-element_type=\"widget\" data-e-type=\"widget\" data-widget_type=\"heading.default\">\n\t\t\t\t<div class=\"elementor-widget-container\">\n\t\t\t\t\t<h3 class=\"elementor-heading-title elementor-size-default\">Cadaqu\u00e9s<\/h3>\t\t\t\t<\/div>\n\t\t\t\t<\/div>\n\t\t\t\t<div class=\"elementor-element elementor-element-09e8850 elementor-widget elementor-widget-text-editor\" data-id=\"09e8850\" data-element_type=\"widget\" data-e-type=\"widget\" data-widget_type=\"text-editor.default\">\n\t\t\t\t<div class=\"elementor-widget-container\">\n\t\t\t\t\t\t\t\t\t<p>D\u00e9couvrez le charme boh\u00e8me de <strong>Cadaqu\u00e9s <\/strong> (\u00e0 16,7 km), un pittoresque village de p\u00eacheurs qui captive les artistes et les \u00e9crivains depuis des si\u00e8cles. La vieille ville est un complexe historique, avec des rues escarp\u00e9es et des maisons blanches d\u00e9cor\u00e9es de fleurs, c&rsquo;est un exemple clair de l&rsquo;architecture m\u00e9diterran\u00e9enne populaire. Cadaqu\u00e9s est l&rsquo;endroit id\u00e9al pour se perdre et se laisser emporter par la cr\u00e9ativit\u00e9. Les principales attractions sont, entre autres, la Casa-Salvador Dal\u00ed, l&rsquo;\u00e9glise de Santa Mar\u00eda et le parc naturel du Cap de Creus.<\/p>\n\t\t\t\t\t\t\t\t<\/div>\n\t\t\t\t<\/div>\n\t\t\t\t<\/div>\n\t\t<div class=\"elementor-element elementor-element-bf585d9 e-con-full e-flex e-con e-child\" data-id=\"bf585d9\" data-element_type=\"container\" data-e-type=\"container\">\n\t\t\t\t<div class=\"elementor-element elementor-element-a509542 elementor-widget elementor-widget-image\" data-id=\"a509542\" data-element_type=\"widget\" data-e-type=\"widget\" data-widget_type=\"image.default\">\n\t\t\t\t<div class=\"elementor-widget-container\">\n\t\t\t\t\t\t\t\t\t\t\t\t\t\t\t<img decoding=\"async\" width=\"960\" height=\"720\" src=\"https:\/\/rosasinmobiliarias.com\/wp-content\/uploads\/2024\/04\/cadaques-2.jpg\" class=\"attachment-large size-large wp-image-5943\" alt=\"Cadaqu\u00e9s\" srcset=\"https:\/\/rosasinmobiliarias.com\/wp-content\/uploads\/2024\/04\/cadaques-2.jpg 960w, https:\/\/rosasinmobiliarias.com\/wp-content\/uploads\/2024\/04\/cadaques-2-768x576.jpg 768w\" sizes=\"(max-width: 960px) 100vw, 960px\" \/>\t\t\t\t\t\t\t\t\t\t\t\t\t\t\t<\/div>\n\t\t\t\t<\/div>\n\t\t\t\t<\/div>\n\t\t\t\t\t<\/div>\n\t\t\t\t<\/div>\n\t\t<div class=\"elementor-element elementor-element-d56dfc8 e-flex e-con-boxed e-con e-parent\" data-id=\"d56dfc8\" data-element_type=\"container\" data-e-type=\"container\">\n\t\t\t\t\t<div class=\"e-con-inner\">\n\t\t<div class=\"elementor-element elementor-element-c48ffaa e-con-full e-flex e-con e-child\" data-id=\"c48ffaa\" data-element_type=\"container\" data-e-type=\"container\">\n\t\t\t\t<div class=\"elementor-element elementor-element-27e6f86 elementor-widget elementor-widget-heading\" data-id=\"27e6f86\" data-element_type=\"widget\" data-e-type=\"widget\" data-widget_type=\"heading.default\">\n\t\t\t\t<div class=\"elementor-widget-container\">\n\t\t\t\t\t<h3 class=\"elementor-heading-title elementor-size-default\">Llan\u00e7\u00e0<\/h3>\t\t\t\t<\/div>\n\t\t\t\t<\/div>\n\t\t\t\t<div class=\"elementor-element elementor-element-ff41ca3 elementor-widget elementor-widget-text-editor\" data-id=\"ff41ca3\" data-element_type=\"widget\" data-e-type=\"widget\" data-widget_type=\"text-editor.default\">\n\t\t\t\t<div class=\"elementor-widget-container\">\n\t\t\t\t\t\t\t\t\t<p>La ville de <strong>Llan\u00e7\u00e0 <\/strong> (\u00e0 20,6 km), situ\u00e9e au Cap de Creus, avec ses impressionnantes falaises, ses criques cach\u00e9es et ses sentiers de randonn\u00e9e, est un paradis pour les amoureux de la nature et de l&rsquo;aventure. Llan\u00e7\u00e0 est compos\u00e9e de deux noyaux : la ville et le port. Dans la ville, nous soulignons l&rsquo;\u00e9glise paroissiale de Sant Vicen\u00e7, avec un portail n\u00e9oclassique du XVIe si\u00e8cle. XVIII, et dans la ville le Mus\u00e9e de l&rsquo;Aquarelle, poss\u00e8de une importante collection avec diverses \u0153uvres de Mart\u00ednez Lozano et d&rsquo;autres artistes.<\/p>\n\t\t\t\t\t\t\t\t<\/div>\n\t\t\t\t<\/div>\n\t\t\t\t<\/div>\n\t\t<div class=\"elementor-element elementor-element-846d66b e-con-full e-flex e-con e-child\" data-id=\"846d66b\" data-element_type=\"container\" data-e-type=\"container\">\n\t\t\t\t<div class=\"elementor-element elementor-element-be39f18 elementor-widget elementor-widget-image\" data-id=\"be39f18\" data-element_type=\"widget\" data-e-type=\"widget\" data-widget_type=\"image.default\">\n\t\t\t\t<div class=\"elementor-widget-container\">\n\t\t\t\t\t\t\t\t\t\t\t\t\t\t\t<img decoding=\"async\" width=\"960\" height=\"720\" src=\"https:\/\/rosasinmobiliarias.com\/wp-content\/uploads\/2024\/04\/llanca-6.jpg\" class=\"attachment-large size-large wp-image-5959\" alt=\"Playa de Llan\u00e7\u00e0\" srcset=\"https:\/\/rosasinmobiliarias.com\/wp-content\/uploads\/2024\/04\/llanca-6.jpg 960w, https:\/\/rosasinmobiliarias.com\/wp-content\/uploads\/2024\/04\/llanca-6-768x576.jpg 768w\" sizes=\"(max-width: 960px) 100vw, 960px\" \/>\t\t\t\t\t\t\t\t\t\t\t\t\t\t\t<\/div>\n\t\t\t\t<\/div>\n\t\t\t\t<\/div>\n\t\t\t\t\t<\/div>\n\t\t\t\t<\/div>\n\t\t<div class=\"elementor-element elementor-element-29950ef e-flex e-con-boxed e-con e-parent\" data-id=\"29950ef\" data-element_type=\"container\" data-e-type=\"container\">\n\t\t\t\t\t<div class=\"e-con-inner\">\n\t\t<div class=\"elementor-element elementor-element-282b192 e-con-full e-flex e-con e-child\" data-id=\"282b192\" data-element_type=\"container\" data-e-type=\"container\">\n\t\t\t\t<div class=\"elementor-element elementor-element-e533b3c elementor-widget elementor-widget-heading\" data-id=\"e533b3c\" data-element_type=\"widget\" data-e-type=\"widget\" data-widget_type=\"heading.default\">\n\t\t\t\t<div class=\"elementor-widget-container\">\n\t\t\t\t\t<h3 class=\"elementor-heading-title elementor-size-default\">Figueres<\/h3>\t\t\t\t<\/div>\n\t\t\t\t<\/div>\n\t\t\t\t<div class=\"elementor-element elementor-element-f0d6a07 elementor-widget elementor-widget-text-editor\" data-id=\"f0d6a07\" data-element_type=\"widget\" data-e-type=\"widget\" data-widget_type=\"text-editor.default\">\n\t\t\t\t<div class=\"elementor-widget-container\">\n\t\t\t\t\t\t\t\t\t<p>Figueres (\u00e0 21,8 km) est la capitale de la r\u00e9gion de l&rsquo;Alt Empord\u00e0 dans la province de G\u00e9rone. Plongez dans le monde surr\u00e9aliste de Salvador Dal\u00ed \u00e0 <strong>Figueres<\/strong>, sa ville natale. Visitez l&rsquo;impressionnant Th\u00e9\u00e2tre-Mus\u00e9e Dal\u00ed et explorez les chefs-d&rsquo;\u0153uvre du g\u00e9nie du surr\u00e9alisme. Ne manquez pas non plus le charme de la vieille ville de Figueres, avec ses places pittoresques et ses caf\u00e9s chaleureux. Nous soulignons \u00e9galement le Castillo de Sant Ferran, une grande forteresse militaire construite au XVIIIe si\u00e8cle.<\/p>\n\t\t\t\t\t\t\t\t<\/div>\n\t\t\t\t<\/div>\n\t\t\t\t<\/div>\n\t\t<div class=\"elementor-element elementor-element-587bda9 e-con-full e-flex e-con e-child\" data-id=\"587bda9\" data-element_type=\"container\" data-e-type=\"container\">\n\t\t\t\t<div class=\"elementor-element elementor-element-b509523 elementor-widget elementor-widget-image\" data-id=\"b509523\" data-element_type=\"widget\" data-e-type=\"widget\" data-widget_type=\"image.default\">\n\t\t\t\t<div class=\"elementor-widget-container\">\n\t\t\t\t\t\t\t\t\t\t\t\t\t\t\t<img loading=\"lazy\" decoding=\"async\" width=\"960\" height=\"720\" src=\"https:\/\/rosasinmobiliarias.com\/wp-content\/uploads\/2024\/04\/figueres-2.jpg\" class=\"attachment-large size-large wp-image-5979\" alt=\"Figueres\" srcset=\"https:\/\/rosasinmobiliarias.com\/wp-content\/uploads\/2024\/04\/figueres-2.jpg 960w, https:\/\/rosasinmobiliarias.com\/wp-content\/uploads\/2024\/04\/figueres-2-768x576.jpg 768w\" sizes=\"(max-width: 960px) 100vw, 960px\" \/>\t\t\t\t\t\t\t\t\t\t\t\t\t\t\t<\/div>\n\t\t\t\t<\/div>\n\t\t\t\t<\/div>\n\t\t\t\t\t<\/div>\n\t\t\t\t<\/div>\n\t\t<div class=\"elementor-element elementor-element-9b29ff1 e-flex e-con-boxed e-con e-parent\" data-id=\"9b29ff1\" data-element_type=\"container\" data-e-type=\"container\">\n\t\t\t\t\t<div class=\"e-con-inner\">\n\t\t<div class=\"elementor-element elementor-element-a588566 e-con-full e-flex e-con e-child\" data-id=\"a588566\" data-element_type=\"container\" data-e-type=\"container\">\n\t\t\t\t<div class=\"elementor-element elementor-element-8aca1f6 elementor-widget elementor-widget-heading\" data-id=\"8aca1f6\" data-element_type=\"widget\" data-e-type=\"widget\" data-widget_type=\"heading.default\">\n\t\t\t\t<div class=\"elementor-widget-container\">\n\t\t\t\t\t<h3 class=\"elementor-heading-title elementor-size-default\">Girona<\/h3>\t\t\t\t<\/div>\n\t\t\t\t<\/div>\n\t\t\t\t<div class=\"elementor-element elementor-element-35350a3 elementor-widget elementor-widget-text-editor\" data-id=\"35350a3\" data-element_type=\"widget\" data-e-type=\"widget\" data-widget_type=\"text-editor.default\">\n\t\t\t\t<div class=\"elementor-widget-container\">\n\t\t\t\t\t\t\t\t\tG\u00e9rone (\u00e0 61,3 km) est la capitale de la province de G\u00e9rone. Son centre historique ou Barri Vell est l&rsquo;un des plus \u00e9vocateurs de Catalogne. La Cath\u00e9drale de Santa Mar\u00eda est l&rsquo;ic\u00f4ne la plus visible de G\u00e9rone, sans aucun doute le plus grand h\u00e9ritage historique de la ville et pour cette raison elle est class\u00e9e Monument historique et artistique national. \nIl convient de souligner le quartier juif de G\u00e9rone (Call Jueu de Girona), c&rsquo;est le mieux conserv\u00e9 d&rsquo;Espagne.\n\nEn 2015, elle rejoint d&rsquo;autres villes europ\u00e9ennes pour accueillir la s\u00e9rie \u00e0 succ\u00e8s \u00ab\u00a0Game of Thrones\u00a0\u00bb.\t\t\t\t\t\t\t\t<\/div>\n\t\t\t\t<\/div>\n\t\t\t\t<\/div>\n\t\t<div class=\"elementor-element elementor-element-7c227d8 e-con-full e-flex e-con e-child\" data-id=\"7c227d8\" data-element_type=\"container\" data-e-type=\"container\">\n\t\t\t\t<div class=\"elementor-element elementor-element-347736f elementor-widget elementor-widget-image\" data-id=\"347736f\" data-element_type=\"widget\" data-e-type=\"widget\" data-widget_type=\"image.default\">\n\t\t\t\t<div class=\"elementor-widget-container\">\n\t\t\t\t\t\t\t\t\t\t\t\t\t\t\t<img loading=\"lazy\" decoding=\"async\" width=\"960\" height=\"720\" src=\"https:\/\/rosasinmobiliarias.com\/wp-content\/uploads\/2024\/04\/Girona-1.jpg\" class=\"attachment-large size-large wp-image-5985\" alt=\"Girona\" srcset=\"https:\/\/rosasinmobiliarias.com\/wp-content\/uploads\/2024\/04\/Girona-1.jpg 960w, https:\/\/rosasinmobiliarias.com\/wp-content\/uploads\/2024\/04\/Girona-1-768x576.jpg 768w\" sizes=\"(max-width: 960px) 100vw, 960px\" \/>\t\t\t\t\t\t\t\t\t\t\t\t\t\t\t<\/div>\n\t\t\t\t<\/div>\n\t\t\t\t<\/div>\n\t\t\t\t\t<\/div>\n\t\t\t\t<\/div>\n\t\t\t\t<\/div>\n\t\t","protected":false},"excerpt":{"rendered":"<p>Roses: un joyau sur la Costa Brava Bienvenue \u00e0 Roses, un coin idyllique de la c\u00f4te de G\u00e9rone qui s\u00e9duit [&hellip;]<\/p>\n","protected":false},"author":1,"featured_media":0,"parent":0,"menu_order":0,"comment_status":"closed","ping_status":"closed","template":"","meta":{"site-sidebar-layout":"default","site-content-layout":"","ast-site-content-layout":"full-width-container","site-content-style":"default","site-sidebar-style":"default","ast-global-header-display":"","ast-banner-title-visibility":"","ast-main-header-display":"","ast-hfb-above-header-display":"","ast-hfb-below-header-display":"","ast-hfb-mobile-header-display":"","site-post-title":"","ast-breadcrumbs-content":"","ast-featured-img":"disabled","footer-sml-layout":"","ast-disable-related-posts":"","theme-transparent-header-meta":"","adv-header-id-meta":"4568","stick-header-meta":"","header-above-stick-meta":"","header-main-stick-meta":"","header-below-stick-meta":"","astra-migrate-meta-layouts":"default","ast-page-background-enabled":"default","ast-page-background-meta":{"desktop":{"background-color":"var(--ast-global-color-4)","background-image":"","background-repeat":"repeat","background-position":"center center","background-size":"auto","background-attachment":"scroll","background-type":"","background-media":"","overlay-type":"","overlay-color":"","overlay-opacity":"","overlay-gradient":""},"tablet":{"background-color":"","background-image":"","background-repeat":"repeat","background-position":"center center","background-size":"auto","background-attachment":"scroll","background-type":"","background-media":"","overlay-type":"","overlay-color":"","overlay-opacity":"","overlay-gradient":""},"mobile":{"background-color":"","background-image":"","background-repeat":"repeat","background-position":"center center","background-size":"auto","background-attachment":"scroll","background-type":"","background-media":"","overlay-type":"","overlay-color":"","overlay-opacity":"","overlay-gradient":""}},"ast-content-background-meta":{"desktop":{"background-color":"var(--ast-global-color-5)","background-image":"","background-repeat":"repeat","background-position":"center center","background-size":"auto","background-attachment":"scroll","background-type":"","background-media":"","overlay-type":"","overlay-color":"","overlay-opacity":"","overlay-gradient":""},"tablet":{"background-color":"var(--ast-global-color-5)","background-image":"","background-repeat":"repeat","background-position":"center center","background-size":"auto","background-attachment":"scroll","background-type":"","background-media":"","overlay-type":"","overlay-color":"","overlay-opacity":"","overlay-gradient":""},"mobile":{"background-color":"var(--ast-global-color-5)","background-image":"","background-repeat":"repeat","background-position":"center center","background-size":"auto","background-attachment":"scroll","background-type":"","background-media":"","overlay-type":"","overlay-color":"","overlay-opacity":"","overlay-gradient":""}},"footnotes":""},"class_list":["post-10226","page","type-page","status-publish","hentry"],"yoast_head":"<!-- This site is optimized with the Yoast SEO plugin v27.4 - https:\/\/yoast.com\/product\/yoast-seo-wordpress\/ -->\n<title>Explorez la beaut\u00e9 de Roses et de ses environs - Rosas Inmobiliarias - Venta y alquiler de apartamentos y casas en Roses, Girona<\/title>\n<meta name=\"description\" content=\"Bienvenue \u00e0 Roses, un coin idyllique de la c\u00f4te de G\u00e9rone qui s\u00e9duit par son charme et ses paysages m\u00e9diterran\u00e9ens.\" \/>\n<meta name=\"robots\" content=\"index, follow, max-snippet:-1, max-image-preview:large, max-video-preview:-1\" \/>\n<link rel=\"canonical\" href=\"https:\/\/rosasinmobiliarias.com\/fr\/explorez-la-beaute-de-roses-et-de-ses-environs\/\" \/>\n<meta property=\"og:locale\" content=\"fr_FR\" \/>\n<meta property=\"og:type\" content=\"article\" \/>\n<meta property=\"og:title\" content=\"Explorez la beaut\u00e9 de Roses et de ses environs - Rosas Inmobiliarias - Venta y alquiler de apartamentos y casas en Roses, Girona\" \/>\n<meta property=\"og:description\" content=\"Bienvenue \u00e0 Roses, un coin idyllique de la c\u00f4te de G\u00e9rone qui s\u00e9duit par son charme et ses paysages m\u00e9diterran\u00e9ens.\" \/>\n<meta property=\"og:url\" content=\"https:\/\/rosasinmobiliarias.com\/fr\/explorez-la-beaute-de-roses-et-de-ses-environs\/\" \/>\n<meta property=\"og:site_name\" content=\"Rosas Inmobiliarias - Venta y alquiler de apartamentos y casas en Roses, Girona\" \/>\n<meta property=\"article:modified_time\" content=\"2024-04-29T14:36:01+00:00\" \/>\n<meta property=\"og:image\" content=\"https:\/\/rosasinmobiliarias.com\/wp-content\/uploads\/2024\/04\/castello-2.jpg\" \/>\n<meta name=\"twitter:card\" content=\"summary_large_image\" \/>\n<meta name=\"twitter:label1\" content=\"Dur\u00e9e de lecture estim\u00e9e\" \/>\n\t<meta name=\"twitter:data1\" content=\"3 minutes\" \/>\n<script type=\"application\/ld+json\" class=\"yoast-schema-graph\">{\"@context\":\"https:\\\/\\\/schema.org\",\"@graph\":[{\"@type\":\"WebPage\",\"@id\":\"https:\\\/\\\/rosasinmobiliarias.com\\\/fr\\\/explorez-la-beaute-de-roses-et-de-ses-environs\\\/\",\"url\":\"https:\\\/\\\/rosasinmobiliarias.com\\\/fr\\\/explorez-la-beaute-de-roses-et-de-ses-environs\\\/\",\"name\":\"Explorez la beaut\u00e9 de Roses et de ses environs - Rosas Inmobiliarias - Venta y alquiler de apartamentos y casas en Roses, Girona\",\"isPartOf\":{\"@id\":\"https:\\\/\\\/rosasinmobiliarias.com\\\/fr\\\/#website\"},\"primaryImageOfPage\":{\"@id\":\"https:\\\/\\\/rosasinmobiliarias.com\\\/fr\\\/explorez-la-beaute-de-roses-et-de-ses-environs\\\/#primaryimage\"},\"image\":{\"@id\":\"https:\\\/\\\/rosasinmobiliarias.com\\\/fr\\\/explorez-la-beaute-de-roses-et-de-ses-environs\\\/#primaryimage\"},\"thumbnailUrl\":\"https:\\\/\\\/rosasinmobiliarias.com\\\/wp-content\\\/uploads\\\/2024\\\/04\\\/castello-2.jpg\",\"datePublished\":\"2024-04-25T14:32:31+00:00\",\"dateModified\":\"2024-04-29T14:36:01+00:00\",\"description\":\"Bienvenue \u00e0 Roses, un coin idyllique de la c\u00f4te de G\u00e9rone qui s\u00e9duit par son charme et ses paysages m\u00e9diterran\u00e9ens.\",\"breadcrumb\":{\"@id\":\"https:\\\/\\\/rosasinmobiliarias.com\\\/fr\\\/explorez-la-beaute-de-roses-et-de-ses-environs\\\/#breadcrumb\"},\"inLanguage\":\"fr-FR\",\"potentialAction\":[{\"@type\":\"ReadAction\",\"target\":[\"https:\\\/\\\/rosasinmobiliarias.com\\\/fr\\\/explorez-la-beaute-de-roses-et-de-ses-environs\\\/\"]}]},{\"@type\":\"ImageObject\",\"inLanguage\":\"fr-FR\",\"@id\":\"https:\\\/\\\/rosasinmobiliarias.com\\\/fr\\\/explorez-la-beaute-de-roses-et-de-ses-environs\\\/#primaryimage\",\"url\":\"https:\\\/\\\/rosasinmobiliarias.com\\\/wp-content\\\/uploads\\\/2024\\\/04\\\/castello-2.jpg\",\"contentUrl\":\"https:\\\/\\\/rosasinmobiliarias.com\\\/wp-content\\\/uploads\\\/2024\\\/04\\\/castello-2.jpg\"},{\"@type\":\"BreadcrumbList\",\"@id\":\"https:\\\/\\\/rosasinmobiliarias.com\\\/fr\\\/explorez-la-beaute-de-roses-et-de-ses-environs\\\/#breadcrumb\",\"itemListElement\":[{\"@type\":\"ListItem\",\"position\":1,\"name\":\"Portada\",\"item\":\"https:\\\/\\\/rosasinmobiliarias.com\\\/fr\\\/accueil\\\/\"},{\"@type\":\"ListItem\",\"position\":2,\"name\":\"Explorez la beaut\u00e9 de Roses et de ses environs\"}]},{\"@type\":\"WebSite\",\"@id\":\"https:\\\/\\\/rosasinmobiliarias.com\\\/fr\\\/#website\",\"url\":\"https:\\\/\\\/rosasinmobiliarias.com\\\/fr\\\/\",\"name\":\"Rosas Inmobiliarias - Venta y alquiler de apartamentos y casas en Roses, Girona\",\"description\":\"Agencia inmobiliaria especialistas en ventas y alquileres de temporada en Roses, Girona, Costa Brava.\",\"publisher\":{\"@id\":\"https:\\\/\\\/rosasinmobiliarias.com\\\/fr\\\/#organization\"},\"potentialAction\":[{\"@type\":\"SearchAction\",\"target\":{\"@type\":\"EntryPoint\",\"urlTemplate\":\"https:\\\/\\\/rosasinmobiliarias.com\\\/fr\\\/?s={search_term_string}\"},\"query-input\":{\"@type\":\"PropertyValueSpecification\",\"valueRequired\":true,\"valueName\":\"search_term_string\"}}],\"inLanguage\":\"fr-FR\"},{\"@type\":\"Organization\",\"@id\":\"https:\\\/\\\/rosasinmobiliarias.com\\\/fr\\\/#organization\",\"name\":\"Inmo Holiday Roses Sl\",\"url\":\"https:\\\/\\\/rosasinmobiliarias.com\\\/fr\\\/\",\"logo\":{\"@type\":\"ImageObject\",\"inLanguage\":\"fr-FR\",\"@id\":\"https:\\\/\\\/rosasinmobiliarias.com\\\/fr\\\/#\\\/schema\\\/logo\\\/image\\\/\",\"url\":\"https:\\\/\\\/rosasinmobiliarias.com\\\/wp-content\\\/uploads\\\/2024\\\/05\\\/logo.png\",\"contentUrl\":\"https:\\\/\\\/rosasinmobiliarias.com\\\/wp-content\\\/uploads\\\/2024\\\/05\\\/logo.png\",\"width\":400,\"height\":101,\"caption\":\"Inmo Holiday Roses Sl\"},\"image\":{\"@id\":\"https:\\\/\\\/rosasinmobiliarias.com\\\/fr\\\/#\\\/schema\\\/logo\\\/image\\\/\"}}]}<\/script>\n<!-- \/ Yoast SEO plugin. -->","yoast_head_json":{"title":"Explorez la beaut\u00e9 de Roses et de ses environs - Rosas Inmobiliarias - Venta y alquiler de apartamentos y casas en Roses, Girona","description":"Bienvenue \u00e0 Roses, un coin idyllique de la c\u00f4te de G\u00e9rone qui s\u00e9duit par son charme et ses paysages m\u00e9diterran\u00e9ens.","robots":{"index":"index","follow":"follow","max-snippet":"max-snippet:-1","max-image-preview":"max-image-preview:large","max-video-preview":"max-video-preview:-1"},"canonical":"https:\/\/rosasinmobiliarias.com\/fr\/explorez-la-beaute-de-roses-et-de-ses-environs\/","og_locale":"fr_FR","og_type":"article","og_title":"Explorez la beaut\u00e9 de Roses et de ses environs - Rosas Inmobiliarias - Venta y alquiler de apartamentos y casas en Roses, Girona","og_description":"Bienvenue \u00e0 Roses, un coin idyllique de la c\u00f4te de G\u00e9rone qui s\u00e9duit par son charme et ses paysages m\u00e9diterran\u00e9ens.","og_url":"https:\/\/rosasinmobiliarias.com\/fr\/explorez-la-beaute-de-roses-et-de-ses-environs\/","og_site_name":"Rosas Inmobiliarias - Venta y alquiler de apartamentos y casas en Roses, Girona","article_modified_time":"2024-04-29T14:36:01+00:00","og_image":[{"url":"https:\/\/rosasinmobiliarias.com\/wp-content\/uploads\/2024\/04\/castello-2.jpg","type":"","width":"","height":""}],"twitter_card":"summary_large_image","twitter_misc":{"Dur\u00e9e de lecture estim\u00e9e":"3 minutes"},"schema":{"@context":"https:\/\/schema.org","@graph":[{"@type":"WebPage","@id":"https:\/\/rosasinmobiliarias.com\/fr\/explorez-la-beaute-de-roses-et-de-ses-environs\/","url":"https:\/\/rosasinmobiliarias.com\/fr\/explorez-la-beaute-de-roses-et-de-ses-environs\/","name":"Explorez la beaut\u00e9 de Roses et de ses environs - Rosas Inmobiliarias - Venta y alquiler de apartamentos y casas en Roses, Girona","isPartOf":{"@id":"https:\/\/rosasinmobiliarias.com\/fr\/#website"},"primaryImageOfPage":{"@id":"https:\/\/rosasinmobiliarias.com\/fr\/explorez-la-beaute-de-roses-et-de-ses-environs\/#primaryimage"},"image":{"@id":"https:\/\/rosasinmobiliarias.com\/fr\/explorez-la-beaute-de-roses-et-de-ses-environs\/#primaryimage"},"thumbnailUrl":"https:\/\/rosasinmobiliarias.com\/wp-content\/uploads\/2024\/04\/castello-2.jpg","datePublished":"2024-04-25T14:32:31+00:00","dateModified":"2024-04-29T14:36:01+00:00","description":"Bienvenue \u00e0 Roses, un coin idyllique de la c\u00f4te de G\u00e9rone qui s\u00e9duit par son charme et ses paysages m\u00e9diterran\u00e9ens.","breadcrumb":{"@id":"https:\/\/rosasinmobiliarias.com\/fr\/explorez-la-beaute-de-roses-et-de-ses-environs\/#breadcrumb"},"inLanguage":"fr-FR","potentialAction":[{"@type":"ReadAction","target":["https:\/\/rosasinmobiliarias.com\/fr\/explorez-la-beaute-de-roses-et-de-ses-environs\/"]}]},{"@type":"ImageObject","inLanguage":"fr-FR","@id":"https:\/\/rosasinmobiliarias.com\/fr\/explorez-la-beaute-de-roses-et-de-ses-environs\/#primaryimage","url":"https:\/\/rosasinmobiliarias.com\/wp-content\/uploads\/2024\/04\/castello-2.jpg","contentUrl":"https:\/\/rosasinmobiliarias.com\/wp-content\/uploads\/2024\/04\/castello-2.jpg"},{"@type":"BreadcrumbList","@id":"https:\/\/rosasinmobiliarias.com\/fr\/explorez-la-beaute-de-roses-et-de-ses-environs\/#breadcrumb","itemListElement":[{"@type":"ListItem","position":1,"name":"Portada","item":"https:\/\/rosasinmobiliarias.com\/fr\/accueil\/"},{"@type":"ListItem","position":2,"name":"Explorez la beaut\u00e9 de Roses et de ses environs"}]},{"@type":"WebSite","@id":"https:\/\/rosasinmobiliarias.com\/fr\/#website","url":"https:\/\/rosasinmobiliarias.com\/fr\/","name":"Rosas Inmobiliarias - Venta y alquiler de apartamentos y casas en Roses, Girona","description":"Agencia inmobiliaria especialistas en ventas y alquileres de temporada en Roses, Girona, Costa Brava.","publisher":{"@id":"https:\/\/rosasinmobiliarias.com\/fr\/#organization"},"potentialAction":[{"@type":"SearchAction","target":{"@type":"EntryPoint","urlTemplate":"https:\/\/rosasinmobiliarias.com\/fr\/?s={search_term_string}"},"query-input":{"@type":"PropertyValueSpecification","valueRequired":true,"valueName":"search_term_string"}}],"inLanguage":"fr-FR"},{"@type":"Organization","@id":"https:\/\/rosasinmobiliarias.com\/fr\/#organization","name":"Inmo Holiday Roses Sl","url":"https:\/\/rosasinmobiliarias.com\/fr\/","logo":{"@type":"ImageObject","inLanguage":"fr-FR","@id":"https:\/\/rosasinmobiliarias.com\/fr\/#\/schema\/logo\/image\/","url":"https:\/\/rosasinmobiliarias.com\/wp-content\/uploads\/2024\/05\/logo.png","contentUrl":"https:\/\/rosasinmobiliarias.com\/wp-content\/uploads\/2024\/05\/logo.png","width":400,"height":101,"caption":"Inmo Holiday Roses Sl"},"image":{"@id":"https:\/\/rosasinmobiliarias.com\/fr\/#\/schema\/logo\/image\/"}}]}},"_links":{"self":[{"href":"https:\/\/rosasinmobiliarias.com\/fr\/wp-json\/wp\/v2\/pages\/10226","targetHints":{"allow":["GET"]}}],"collection":[{"href":"https:\/\/rosasinmobiliarias.com\/fr\/wp-json\/wp\/v2\/pages"}],"about":[{"href":"https:\/\/rosasinmobiliarias.com\/fr\/wp-json\/wp\/v2\/types\/page"}],"author":[{"embeddable":true,"href":"https:\/\/rosasinmobiliarias.com\/fr\/wp-json\/wp\/v2\/users\/1"}],"replies":[{"embeddable":true,"href":"https:\/\/rosasinmobiliarias.com\/fr\/wp-json\/wp\/v2\/comments?post=10226"}],"version-history":[{"count":0,"href":"https:\/\/rosasinmobiliarias.com\/fr\/wp-json\/wp\/v2\/pages\/10226\/revisions"}],"wp:attachment":[{"href":"https:\/\/rosasinmobiliarias.com\/fr\/wp-json\/wp\/v2\/media?parent=10226"}],"curies":[{"name":"wp","href":"https:\/\/api.w.org\/{rel}","templated":true}]}}